{"id":53,"date":"2025-09-16T13:34:57","date_gmt":"2025-09-16T13:34:57","guid":{"rendered":"https:\/\/mode-waesche-loos.de\/?page_id=53"},"modified":"2026-03-25T12:51:48","modified_gmt":"2026-03-25T12:51:48","slug":"ueber-uns","status":"publish","type":"page","link":"https:\/\/mode-waesche-loos.de\/index.php\/ueber-uns\/","title":{"rendered":"\u00fcber uns"},"content":{"rendered":"\t\t<div data-elementor-type=\"wp-page\" data-elementor-id=\"53\" class=\"elementor elementor-53\">\n\t\t\t\t<div class=\"elementor-element elementor-element-59e9724 e-flex e-con-boxed wpr-particle-no wpr-jarallax-no wpr-parallax-no wpr-sticky-section-no e-con e-parent\" data-id=\"59e9724\" data-element_type=\"container\">\n\t\t\t\t\t<div class=\"e-con-inner\">\n\t\t\t\t<div class=\"elementor-element elementor-element-c39d1d0 elementor-widget elementor-widget-text-editor\" data-id=\"c39d1d0\" data-element_type=\"widget\" data-widget_type=\"text-editor.default\">\n\t\t\t\t<div class=\"elementor-widget-container\">\n\t\t\t\t\t\t\t\t\t<p><span style=\"font-size: 14pt;\"><strong><span id=\"hl\">Familienbetrieb mit Herz<\/span><\/strong><\/span><\/p>\n<p>Seit nun 173 Jahren, davon 66 Jahre im aktuellen Standort Stadtteil Buch, schl\u00e4gt unser Herz f\u00fcr ein Ziel :<br>Den Kunden seine W\u00fcnsche zu erf\u00fcllen und damit Freude bringen.<\/p>\n<p>Immer mit den neuesten Modetrends bieten wir in der W\u00e4sche- und Dessousabteilung, sowie bei der Damen Oberbekleidung eine<\/p>\n<p>pers\u00f6nliche, freundliche und ehrliche , aber vor allem fachkompetente Beratung. Die Fachkompetenz unseres Fachgesch\u00e4ftes,&nbsp;<\/p>\n<p>vor allem im BH-Paradies, ist weit \u00fcber Baden-W\u00fcrttemberg hinaus bekannt.<\/p>\n<p>Erfolgreich in f\u00fcnfter Generation sorgt Frau Haas-Spannknebel f\u00fcr das zuk\u00fcnftige Fortsetzen der Firma.<\/p>\t\t\t\t\t\t\t\t<\/div>\n\t\t\t\t<\/div>\n\t\t\t\t\t<\/div>\n\t\t\t\t<\/div>\n\t\t<div class=\"elementor-element elementor-element-f92a59f e-flex e-con-boxed wpr-particle-no wpr-jarallax-no wpr-parallax-no wpr-sticky-section-no e-con e-parent\" data-id=\"f92a59f\" data-element_type=\"container\">\n\t\t\t\t\t<div class=\"e-con-inner\">\n\t\t\t\t<div class=\"elementor-element elementor-element-c895676 elementor-widget elementor-widget-text-editor\" data-id=\"c895676\" data-element_type=\"widget\" data-widget_type=\"text-editor.default\">\n\t\t\t\t<div class=\"elementor-widget-container\">\n\t\t\t\t\t\t\t\t\t<p><strong><span id=\"hl\" style=\"font-size: 14pt;\">Zur Geschichte<\/span><\/strong><\/p>\n<p>Josef R\u00f6dig gr\u00fcndete 1851 in Schwarzebach (Sudetenland),<br>im Alter von 26 Jahren, die&#8220; Erzgebirgische Hand-Kl\u00f6ppelei &#8222;.<br>Nach seinem Tod ging das Erbe auf seine Seine Karl und Anton R\u00f6dig \u00fcber. Anton R\u00f6dig wurde, nachdem sein Bruder ebenfalls gestorben war, alleiniger Inhaber. Kl\u00f6ppeltischdecken und Kl\u00f6ppelvorh\u00e4nge bestimmten damals das Produktionsprogramm.<br>Das Jahr 1946 brachte die Ausweisung der Firma und der Familie aus dem Sudetenland. Inzwischen hatte sich die Tochter Berta mit Alfons Loos verheiratet. Die beiden beschlossen, das Gesch\u00e4ft des Vaters Anton R\u00f6dig weiterzuf\u00fchren, der zwei Jahre sp\u00e4ter verstarb. Sie zogen nach Bietigheim und besch\u00e4ftigten dort in der Nachkriegszeit 200 Kl\u00f6pplerinnen.<br>Dank ihres Engagements konnte bereits Ende des Jahres 1946 in der Bietigheimer Wilhelmstrasse<br>ein &#8220; Textil- und Manufakturbetrieb &#8220; er\u00f6ffnet werden. Stores, Netzhandschuhe und Spitzeneins\u00e4tze f\u00fcr Pullover wurden produziert und vertrieben. Die Kl\u00f6ppelkunst war in ganz Deutschland hoch angesehen und verkauft worden.<br>Mechanisierung und Industrialisierung jedoch verdr\u00e4ngten die handwerkliche Arbeit mehr und mehr. Das Sortiment wurde auf W\u00e4sche, Heimtextilien und Bekleidung erweitert. In der Marbacher Stra\u00dfe (heutige Freiberger Stra\u00dfe) gab es einige Jahre eine Filiale.<br>Im Jahre 1957 wurde die Gelegenheit genutzt, im Stadtteil Buch ein Haus zu bauen und so er\u00f6ffnete 1958, nun Textilhaus Loos, das neue Gesch\u00e4ft in eigenen R\u00e4umen, seine T\u00fcren.<br>Auf \u00fcber 100 Quadratmeter Verkaufsfl\u00e4che findet der Kunde ein reichhaltiges Angebot.<br>Zu dieser Zeit gab es noch keine Einkaufszentren. Au\u00dfer die Altstadt und den Stadtteil Buch hatten die B\u00fcrger keine Einkaufsm\u00f6glichkeiten und so kam es zur Erweiterung des Sortiments mit Schreibwaren, Zeitungen, Zeitschriften, Tabakwaren, Spielwaren, Toto-Lotto Annahmestelle und Kurzwaren.<br>Beim Umbau 1994 wurde das Sortiment ver\u00e4ndert :<br>Bereiche wie Spielwaren, Heimtextilien oder Kurzwaren wurden gestrafft oder fielen ganz aus dem Sortiment und andere Bereiche wie Miederwaren\/Dessous, Nachtw\u00e4sche und Oberbekleidung wurden ausgebaut.<br>Eine gro\u00dfe Bandbreite an Damen Dessous in allen Farben und Gr\u00f6\u00dfen geh\u00f6ren zu dem Fachbereich des Gesch\u00e4ftes.<br>Hier findet jede Frau das Passende. Gerade bei der Auswahl der richtigen BH Gr\u00f6\u00dfe und Passform ist Fachberatung sehr wichtig.<\/p>\n<p>In den vielen Jahren des Bestehens, hat sich die Firma Loos als<br>&#8220; Fachgesch\u00e4ft &#8222;, dass auf Qualit\u00e4t durch Markenprodukte setzt, erfolgreich behaupten k\u00f6nnen.<\/p>\t\t\t\t\t\t\t\t<\/div>\n\t\t\t\t<\/div>\n\t\t\t\t\t<\/div>\n\t\t\t\t<\/div>\n\t\t<div class=\"elementor-element elementor-element-bfcfa4e e-flex e-con-boxed wpr-particle-no wpr-jarallax-no wpr-parallax-no wpr-sticky-section-no e-con e-parent\" data-id=\"bfcfa4e\" data-element_type=\"container\">\n\t\t\t\t\t<div class=\"e-con-inner\">\n\t\t\t\t<div class=\"elementor-element elementor-element-3106444 elementor-widget elementor-widget-text-editor\" data-id=\"3106444\" data-element_type=\"widget\" data-widget_type=\"text-editor.default\">\n\t\t\t\t<div class=\"elementor-widget-container\">\n\t\t\t\t\t\t\t\t\t<p><span style=\"font-size: 14pt;\"><strong><span id=\"hl\">1997 &#8211; 2&#8230;<\/span><\/strong><\/span><\/p>\n<p>Mode+W\u00e4sche Loos, Inh. Spannknebel<br>Banatstr. 3, Bietigheim-Buch<br>Helma und Willi Spannknebel (3 T\u00f6chter)<\/p>\n<p>Oktober 2001 :<br>feierte die Firma ihr 150 j\u00e4hriges Bestehen<\/p>\n<p>Oktober 2003 :<br>feierte die Firma 45 Jahre im Stadtteil Buch<\/p>\n<p>Oktober 2006 :<br>feierte die Firma ihr 155 j\u00e4hriges Bestehen<\/p>\n<p>Oktober\/November 2007 :<br>feiert die Firma 50 Jahre im Stadtteil Buch<\/p>\n<p>Im Jahr 2011 feiert die Firma Loos Ihr 160 j\u00e4hriges Bestehen.<br>Es wird das ganze Jahr tolle Aktionen geben.<br>Im Oktober\/ November wird es dann einen 14 t\u00e4gigen Jubil\u00e4ums-bzw. Geburtstagsverkauf mit super Angeboten geben.<\/p>\n<p>M\u00e4rz 2012 :<br>nach dem pl\u00f6tzlichen Tod von Willi Spannknebel tritt nun die Tochter, Elvira Haas-Spannknebel (schon selbstst\u00e4ndig seit 20 Jahren als Damenschneidermeisterin und Modedesignerin mit<br>eigenem Atelier in der Banatstr. 3, Bietigheim-Buch)<br>die Nachfolge an. Zusammen mit Ihrer Mutter Helma Spannknebel f\u00fchrt Sie das Fachgesch\u00e4ft weiter.<\/p>\n<p>2016: das Ladengesch\u00e4ft wurde in einigen Bereichen umgestaltet,<br>um f\u00fcr die Kundinnen\/Kunden mehr \u00dcbersicht zu verschaffen.<\/p>\n<p>2017: Jubil\u00e4umsjahr &#8211; 166 j\u00e4hriges Bestehen der Firma Mode+W\u00e4sche Loos. Das Fachgesch\u00e4ft hat die letzten Jahre sein &#8222;BH Paradies&#8220; ausgebaut. Kleine Umbauten erfolgten Anfang des Jahres. Das ganze Jahr wird es tolle Rabatte und Aktionen geben.<\/p>\n<p>2019 gab es Pl\u00e4ne f\u00fcr Umbau Arbeiten, auch hinsichtlich<br>des Jubil\u00e4ums 2021.<\/p>\n<p>2020 das Jahr von Corona, von Lockdowns, Call &amp; Collect, von Einschr\u00e4nkungen und gesetzlichen Regelungen. Pl\u00e4ne hinsichtlich einer Modernisierung r\u00fcckten in Weite ferne.<\/p>\n<p>2021: Jubil\u00e4umsjahr &#8211; 170 j\u00e4hriges Bestehen der Firma<br>Im Oktober fand ein 2 w\u00f6chiger Jubil\u00e4umsverkauf mit Aktionen und Angeboten statt. Aufgrund der Corona Lage konnte leider nicht wie geplant das Jubil\u00e4um begangen werden.<br>Die Umkleidekabinen wurden modernisiert und im Damen W\u00e4sche Bereich wurde umstrukturiert.<br>Mode und W\u00e4sche Loos sagt DANKE f\u00fcr die Treue der<br>Kunden*innen.<br>Das Fachgesch\u00e4ft h\u00e4lt weiter durch und freut sich auf die Kundschaft 2022.<br>Hier werden weitere Modernisierungen umgesetzt.<\/p>\n<p>Ebenso feiert das Fachgesch\u00e4ft 2022 seinen 65.Geburtstag im Stadtteil Buch,<br>d.h. seit 65 Jahren ist das Fachgesch\u00e4ft Mode und W\u00e4sche Loos im &#8222;BUCH&#8220; ans\u00e4ssig. Ab Mai wird es tolle Geburtstagsangebote geben und das ganze Jahr durch immer wieder tolle Aktionen, lassen Sie sich \u00fcberraschen.<\/p><p><br><\/p>\n<p><\/p>\n<p>2026:Jubil\u00e4u<span style=\"font-size: 1.6rem; font-style: inherit; letter-spacing: 0.01em; text-transform: inherit;\">msjahr &#8211; 175 j\u00e4hriges Bestehen der Firma:<\/span><\/p>\n<p><span style=\"font-size: 1.6rem; font-style: inherit; letter-spacing: 0.01em; text-transform: inherit;\">Ab April bis Dezember wird es jeden Monat tolle Jubil\u00e4umsangebote und Rabatte geben.<\/span><\/p>\n<p><span style=\"font-size: 1.6rem; font-style: inherit; letter-spacing: 0.01em; text-transform: inherit;\">Der Hauptmonat wird Juni werden. Hier erfolgen die Berichterstattungen in den Zeitungen und auch noch extra Schn\u00e4ppchen.<\/span><\/p>\n<p><span style=\"font-size: 1.6rem; font-style: inherit; letter-spacing: 0.01em; text-transform: inherit;\">Damit wollen wir allen Kundinnen und Kunden DANKEN. Das Fachgesch\u00e4ft freut sich auf Ihren Besuch im Jubilk\u00e4umsjahr!<\/span><\/p>\n<p><span style=\"font-size: 1.6rem; font-style: inherit; letter-spacing: 0.01em; text-transform: inherit;\">Bringen Sie immer genug Zeit mit, unsere Fachberatung ist zeitintensiv.<\/span><\/p>\t\t\t\t\t\t\t\t<\/div>\n\t\t\t\t<\/div>\n\t\t\t\t\t<\/div>\n\t\t\t\t<\/div>\n\t\t<div class=\"elementor-element elementor-element-6afbff2 e-flex e-con-boxed wpr-particle-no wpr-jarallax-no wpr-parallax-no wpr-sticky-section-no e-con e-parent\" data-id=\"6afbff2\" data-element_type=\"container\">\n\t\t\t\t\t<div class=\"e-con-inner\">\n\t\t\t\t<div class=\"elementor-element elementor-element-6401aef elementor-widget elementor-widget-text-editor\" data-id=\"6401aef\" data-element_type=\"widget\" data-widget_type=\"text-editor.default\">\n\t\t\t\t<div class=\"elementor-widget-container\">\n\t\t\t\t\t\t\t\t\t<p><span style=\"font-size: 14pt;\"><strong><span id=\"hl\">1958 &#8211; 1997<\/span><\/strong><\/span><\/p>\n<p>Textilhaus Loos<br \/>Banatstr. 3 \/ Hans-Kudlich-Platz, Bietigheim-Buch<br \/>Alfons Loos (verstorben 1974) und<br \/>Berta Loos geb. R\u00f6dig (verstorben 1997)<br \/>Tochter Helma Spannknebel geb. Loos<\/p>\n<p>M\u00e4rz 1976 :<br \/>feierte die Firma ihr 125 j\u00e4hriges Bestehen<br \/>September 1983 :<br \/>feierte die Firma 25 Jahre im Stadtteil Buch<\/p>\t\t\t\t\t\t\t\t<\/div>\n\t\t\t\t<\/div>\n\t\t\t\t\t<\/div>\n\t\t\t\t<\/div>\n\t\t<div class=\"elementor-element elementor-element-f097dcc e-flex e-con-boxed wpr-particle-no wpr-jarallax-no wpr-parallax-no wpr-sticky-section-no e-con e-parent\" data-id=\"f097dcc\" data-element_type=\"container\">\n\t\t\t\t\t<div class=\"e-con-inner\">\n\t\t\t\t<div class=\"elementor-element elementor-element-9f25b96 elementor-widget elementor-widget-text-editor\" data-id=\"9f25b96\" data-element_type=\"widget\" data-widget_type=\"text-editor.default\">\n\t\t\t\t<div class=\"elementor-widget-container\">\n\t\t\t\t\t\t\t\t\t<p><strong><span id=\"hl\">1946 &#8211; 1958<\/span><\/strong><\/p>\n<p>A. + B. Loos, Textil- und Manufakturbetrieb<br \/>Wilhelmstr. 6, Bietigheim<br \/>Alfons und Berta Loos (geb. R\u00f6dig)<\/p>\t\t\t\t\t\t\t\t<\/div>\n\t\t\t\t<\/div>\n\t\t\t\t\t<\/div>\n\t\t\t\t<\/div>\n\t\t<div class=\"elementor-element elementor-element-86a2e74 e-flex e-con-boxed wpr-particle-no wpr-jarallax-no wpr-parallax-no wpr-sticky-section-no e-con e-parent\" data-id=\"86a2e74\" data-element_type=\"container\">\n\t\t\t\t\t<div class=\"e-con-inner\">\n\t\t\t\t<div class=\"elementor-element elementor-element-2bc1ac2 elementor-widget elementor-widget-text-editor\" data-id=\"2bc1ac2\" data-element_type=\"widget\" data-widget_type=\"text-editor.default\">\n\t\t\t\t<div class=\"elementor-widget-container\">\n\t\t\t\t\t\t\t\t\t<p><strong><span style=\"font-size: 14pt;\">1851 &#8211; 1946<\/span><\/strong><\/p>\n<p>Erzgebirgische Hand-Kl\u00f6ppelei, Schwarzebach<br \/>Josef R\u00f6dig<br \/>Nachfolger Karl und Anton R\u00f6dig<\/p>\t\t\t\t\t\t\t\t<\/div>\n\t\t\t\t<\/div>\n\t\t\t\t\t<\/div>\n\t\t\t\t<\/div>\n\t\t\t\t<\/div>\n\t\t","protected":false},"excerpt":{"rendered":"<p>Familienbetrieb mit Herz Seit nun 173 Jahren, davon 66 Jahre im aktuellen Standort Stadtteil Buch, schl\u00e4gt unser Herz f\u00fcr ein Ziel :Den Kunden seine W\u00fcnsche zu erf\u00fcllen und damit Freude&hellip;<\/p>\n","protected":false},"author":1,"featured_media":0,"parent":0,"menu_order":0,"comment_status":"closed","ping_status":"closed","template":"","meta":{"footnotes":""},"class_list":["post-53","page","type-page","status-publish","hentry"],"_links":{"self":[{"href":"https:\/\/mode-waesche-loos.de\/index.php\/wp-json\/wp\/v2\/pages\/53","targetHints":{"allow":["GET"]}}],"collection":[{"href":"https:\/\/mode-waesche-loos.de\/index.php\/wp-json\/wp\/v2\/pages"}],"about":[{"href":"https:\/\/mode-waesche-loos.de\/index.php\/wp-json\/wp\/v2\/types\/page"}],"author":[{"embeddable":true,"href":"https:\/\/mode-waesche-loos.de\/index.php\/wp-json\/wp\/v2\/users\/1"}],"replies":[{"embeddable":true,"href":"https:\/\/mode-waesche-loos.de\/index.php\/wp-json\/wp\/v2\/comments?post=53"}],"version-history":[{"count":25,"href":"https:\/\/mode-waesche-loos.de\/index.php\/wp-json\/wp\/v2\/pages\/53\/revisions"}],"predecessor-version":[{"id":786,"href":"https:\/\/mode-waesche-loos.de\/index.php\/wp-json\/wp\/v2\/pages\/53\/revisions\/786"}],"wp:attachment":[{"href":"https:\/\/mode-waesche-loos.de\/index.php\/wp-json\/wp\/v2\/media?parent=53"}],"curies":[{"name":"wp","href":"https:\/\/api.w.org\/{rel}","templated":true}]}}